{"version":"1.0","provider_name":"WELEM","provider_url":"https:\/\/welem.com\/enr","author_name":"Webmaster WELEM","author_url":"https:\/\/welem.com\/enr\/author\/webmaster\/","title":"Foire bio de Landerneau 2023 - WELEM","type":"rich","width":600,"height":338,"html":"<blockquote class=\"wp-embedded-content\" data-secret=\"ubR7dwGz4T\"><a href=\"https:\/\/welem.com\/enr\/newsletter\/foire-bio-de-landerneau-2023\/\">Foire bio de Landerneau 2023<\/a><\/blockquote><iframe sandbox=\"allow-scripts\" security=\"restricted\" src=\"https:\/\/welem.com\/enr\/newsletter\/foire-bio-de-landerneau-2023\/embed\/#?secret=ubR7dwGz4T\" width=\"600\" height=\"338\" title=\"\u00ab\u00a0Foire bio de Landerneau 2023\u00a0\u00bb &#8212; WELEM\" data-secret=\"ubR7dwGz4T\" frameborder=\"0\" marginwidth=\"0\" marginheight=\"0\" scrolling=\"no\" class=\"wp-embedded-content\"><\/iframe><script type=\"text\/javascript\">\n\/* <![CDATA[ *\/\n\/*! This file is auto-generated *\/\n!function(d,l){\"use strict\";l.querySelector&&d.addEventListener&&\"undefined\"!=typeof URL&&(d.wp=d.wp||{},d.wp.receiveEmbedMessage||(d.wp.receiveEmbedMessage=function(e){var t=e.data;if((t||t.secret||t.message||t.value)&&!\/[^a-zA-Z0-9]\/.test(t.secret)){for(var s,r,n,a=l.querySelectorAll('iframe[data-secret=\"'+t.secret+'\"]'),o=l.querySelectorAll('blockquote[data-secret=\"'+t.secret+'\"]'),c=new RegExp(\"^https?:$\",\"i\"),i=0;i<o.length;i++)o[i].style.display=\"none\";for(i=0;i<a.length;i++)s=a[i],e.source===s.contentWindow&&(s.removeAttribute(\"style\"),\"height\"===t.message?(1e3<(r=parseInt(t.value,10))?r=1e3:~~r<200&&(r=200),s.height=r):\"link\"===t.message&&(r=new URL(s.getAttribute(\"src\")),n=new URL(t.value),c.test(n.protocol))&&n.host===r.host&&l.activeElement===s&&(d.top.location.href=t.value))}},d.addEventListener(\"message\",d.wp.receiveEmbedMessage,!1),l.addEventListener(\"DOMContentLoaded\",function(){for(var e,t,s=l.querySelectorAll(\"iframe.wp-embedded-content\"),r=0;r<s.length;r++)(t=(e=s[r]).getAttribute(\"data-secret\"))||(t=Math.random().toString(36).substring(2,12),e.src+=\"#?secret=\"+t,e.setAttribute(\"data-secret\",t)),e.contentWindow.postMessage({message:\"ready\",secret:t},\"*\")},!1)))}(window,document);\n\/\/# sourceURL=https:\/\/welem.com\/enr\/wp-includes\/js\/wp-embed.min.js\n\/* ]]> *\/\n<\/script>\n","thumbnail_url":"https:\/\/welem.com\/enr\/wp-content\/uploads\/foire-bio2023.png","thumbnail_width":400,"thumbnail_height":400,"description":"{preheader}  {webversion} | {unsub} | {profile} [logoWelemBoisEtSolaire] [1] {subject} [foire-bio2023] [2] RETROUVONS NOUS CE WEEK-END \u00e0 LA FOIRE BIO DE LANDERNEAU Cette ann\u00e9e nous mettons l'accent sur le solaire. Venez d\u00e9couvrir nos solutions photovolta\u00efques coupl\u00e9es avec des bornes de recharge intelligente qui permettent de recharger gratuitement votre v\u00e9hicule \u00e9lectrique pour vos besoins de mobilit\u00e9 quotidiens. En savoir plus [3] Nous serons heureux de vous pr\u00e9senter tout cela \u00e0 notre stand qui se trouvera dans la grande salle de la Foire. Vous avez re\u00e7u cet email parce que vous vous \u00eates inscrit \u00e0 lettre d'information WELEM [4]. Si vous ne voulez plus recevoir d'email merci de compl\u00e9ter ce formulaire de {unsub} \u00a9 {year} WELEM, Tous droits r\u00e9serv\u00e9s [twitter welem sur http:\/\/twitter.com\/societewelem] [5] [Facebook soci\u00e9t\u00e9 Welem] [6] Links: ------ [1] http:\/\/welem.com [2] http:\/\/www.foirebiolanderneau.bzh\/ [3] https:\/\/welem.com\/enr\/solaire-photovoltaique\/ [4] http:\/\/welem.com\/enr [5] http:\/\/twitter.com\/societewelem [6] http:\/\/www.facebook.com\/pages\/WELEM\/105304956191421"}