{"version":"1.0","provider_name":"WELEM","provider_url":"https:\/\/welem.com\/enr","author_name":"Webmaster WELEM","author_url":"https:\/\/welem.com\/enr\/author\/webmaster\/","title":"Foire bio de Landerneau 2025 - WELEM","type":"rich","width":600,"height":338,"html":"<blockquote class=\"wp-embedded-content\" data-secret=\"bJaNaMe4UJ\"><a href=\"https:\/\/welem.com\/enr\/newsletter\/foire-bio-de-landerneau-2025\/\">Foire bio de Landerneau 2025<\/a><\/blockquote><iframe sandbox=\"allow-scripts\" security=\"restricted\" src=\"https:\/\/welem.com\/enr\/newsletter\/foire-bio-de-landerneau-2025\/embed\/#?secret=bJaNaMe4UJ\" width=\"600\" height=\"338\" title=\"\u00ab\u00a0Foire bio de Landerneau 2025\u00a0\u00bb &#8212; WELEM\" data-secret=\"bJaNaMe4UJ\" frameborder=\"0\" marginwidth=\"0\" marginheight=\"0\" scrolling=\"no\" class=\"wp-embedded-content\"><\/iframe><script type=\"text\/javascript\">\n\/* <![CDATA[ *\/\n\/*! This file is auto-generated *\/\n!function(d,l){\"use strict\";l.querySelector&&d.addEventListener&&\"undefined\"!=typeof URL&&(d.wp=d.wp||{},d.wp.receiveEmbedMessage||(d.wp.receiveEmbedMessage=function(e){var t=e.data;if((t||t.secret||t.message||t.value)&&!\/[^a-zA-Z0-9]\/.test(t.secret)){for(var s,r,n,a=l.querySelectorAll('iframe[data-secret=\"'+t.secret+'\"]'),o=l.querySelectorAll('blockquote[data-secret=\"'+t.secret+'\"]'),c=new RegExp(\"^https?:$\",\"i\"),i=0;i<o.length;i++)o[i].style.display=\"none\";for(i=0;i<a.length;i++)s=a[i],e.source===s.contentWindow&&(s.removeAttribute(\"style\"),\"height\"===t.message?(1e3<(r=parseInt(t.value,10))?r=1e3:~~r<200&&(r=200),s.height=r):\"link\"===t.message&&(r=new URL(s.getAttribute(\"src\")),n=new URL(t.value),c.test(n.protocol))&&n.host===r.host&&l.activeElement===s&&(d.top.location.href=t.value))}},d.addEventListener(\"message\",d.wp.receiveEmbedMessage,!1),l.addEventListener(\"DOMContentLoaded\",function(){for(var e,t,s=l.querySelectorAll(\"iframe.wp-embedded-content\"),r=0;r<s.length;r++)(t=(e=s[r]).getAttribute(\"data-secret\"))||(t=Math.random().toString(36).substring(2,12),e.src+=\"#?secret=\"+t,e.setAttribute(\"data-secret\",t)),e.contentWindow.postMessage({message:\"ready\",secret:t},\"*\")},!1)))}(window,document);\n\/\/# sourceURL=https:\/\/welem.com\/enr\/wp-includes\/js\/wp-embed.min.js\n\/* ]]> *\/\n<\/script>\n","description":"{preheader}  {webversion} | {unsub} | {profile} [logoWelemBoisEtSolaire] [1] {subject} [Impression] [2] RETROUVONS NOUS CE WEEK-END \u00e0 LA FOIRE BIO DE LANDERNEAU Comme chaque ann\u00e9e, retrouvez nous \u00e0 la foire bio de Landerneau et venez d\u00e9couvrir nos solutions de chauffage avec po\u00eales et cuisini\u00e8res bouilleurs [3] qui seront expos\u00e9s au niveau du camion Thermorossi, o\u00f9 un conseiller aura le plaisir de vous renseigner.\u00a0 Profitez en aussi pour nous retrouver au stand int\u00e9rieur n\u00b070 ou nous pr\u00e9senterons nos solutions photovolta\u00efques coupl\u00e9es avec des bornes de recharge intelligentes [4] qui permettent de recharger gratuitement votre v\u00e9hicule \u00e9lectrique pour vos besoins de mobilit\u00e9 quotidiens. Enfin, nous pourrons aussi parler des panneaux solaires hybrides qui permettent de produire gratuitement de l'eau chaude et de l'\u00e9lectricit\u00e9 [5] en m\u00eame temps. En savoir plus [4] Nous serons heureux de vous pr\u00e9senter tout notre savoir faire \u00e0 notre stand n\u00b070 qui se trouvera dans la grande salle ou au camion Thermorossi \u00e0 l'entr\u00e9e ext\u00e9rieure de la foire. Vous avez re\u00e7u cet email parce que vous \u00eates inscrit \u00e0 lettre d'information WELEM [6]. Si vous ne voulez plus recevoir d'email merci de compl\u00e9ter ce formulaire de {unsub} \u00a9 {year} WELEM, Tous droits r\u00e9serv\u00e9s [twitter welem sur http:\/\/twitter.com\/societewelem] [7] [Facebook soci\u00e9t\u00e9 Welem] [8] Links: ------ [1] http:\/\/welem.com [2] http:\/\/www.foirebiolanderneau.bzh\/ [3] https:\/\/www.youtube.com\/watch?v=LkJNuFMmFF4 [4] https:\/\/welem.com\/enr\/solaire-photovoltaique\/ [5] https:\/\/welem.com\/enr\/solaire-hybride\/ [6] http:\/\/welem.com\/enr [7] http:\/\/twitter.com\/societewelem [8] http:\/\/www.facebook.com\/pages\/WELEM\/105304956191421","thumbnail_url":"http:\/\/welem.com\/enr\/wp-content\/uploads\/2015\/09\/logoWelemBoisEtSolaire-300x134.png"}